{"id":551,"date":"2022-04-26T00:25:15","date_gmt":"2022-04-26T00:25:15","guid":{"rendered":"https:\/\/www.academia-electronica.net\/?page_id=551"},"modified":"2025-07-05T14:32:04","modified_gmt":"2025-07-05T14:32:04","slug":"wystapienia-konferencyjne-i-kongresowe","status":"publish","type":"page","link":"https:\/\/www.academia-electronica.net\/?page_id=551","title":{"rendered":"Wyst\u0105pienia konferencyjne i kongresowe"},"content":{"rendered":"<hr \/>\n<table style=\"width: 100.166%; height: 4495px;\" border=\"0\">\n<tbody>\n<tr style=\"height: 28px;\">\n<td style=\"height: 28px; width: 99.8345%;\" colspan=\"2\">\n<h4 style=\"text-align: center;\"><strong>2023\/2024<br \/>\n<\/strong><\/h4>\n<\/td>\n<\/tr>\n<tr>\n<td style=\"width: 22.5166%;\"><a href=\"http:\/\/www.academia-electronica.net\/wp-content\/uploads\/2025\/07\/Ars-Electronica-Lisbona-2024.jpg\"><img loading=\"lazy\" class=\"size-medium wp-image-2067 alignnone\" src=\"http:\/\/www.academia-electronica.net\/wp-content\/uploads\/2025\/07\/Ars-Electronica-Lisbona-2024-300x169.jpg\" alt=\"\" width=\"300\" height=\"169\" srcset=\"https:\/\/www.academia-electronica.net\/wp-content\/uploads\/2025\/07\/Ars-Electronica-Lisbona-2024-300x169.jpg 300w, https:\/\/www.academia-electronica.net\/wp-content\/uploads\/2025\/07\/Ars-Electronica-Lisbona-2024-1024x576.jpg 1024w, https:\/\/www.academia-electronica.net\/wp-content\/uploads\/2025\/07\/Ars-Electronica-Lisbona-2024-768x432.jpg 768w, https:\/\/www.academia-electronica.net\/wp-content\/uploads\/2025\/07\/Ars-Electronica-Lisbona-2024.jpg 1280w\" sizes=\"(max-width: 300px) 100vw, 300px\" \/><\/a><\/td>\n<td style=\"width: 77.3179%;\">\n<p style=\"text-align: center;\"><a href=\"https:\/\/www.academia-electronica.net\/?page_id=2070\" target=\"_blank\" rel=\"noopener\"><span style=\"font-family: helvetica, arial, sans-serif;\"><em>Art at Ars Electronica <\/em><\/span><\/a><\/p>\n<p style=\"text-align: center;\"><span style=\"font-family: helvetica, arial, sans-serif;\">Sidey Myoo<\/span><\/p>\n<p style=\"text-align: center;\"><span style=\"font-family: helvetica, arial, sans-serif;\">Art and Multimedia w Faculdade de Belas Artes da Universidade de Lisboa<\/span><\/p>\n<p style=\"text-align: center;\"><span style=\"font-family: helvetica, arial, sans-serif;\">29.10.2024<\/span><\/p>\n<\/td>\n<\/tr>\n<tr>\n<td style=\"width: 22.5166%;\"><a href=\"http:\/\/www.academia-electronica.net\/wp-content\/uploads\/2024\/07\/Plakat-Wewnatrz-Transmediow-24-kopia-scaled.jpg\"><img loading=\"lazy\" class=\"alignnone size-medium wp-image-1781\" src=\"http:\/\/www.academia-electronica.net\/wp-content\/uploads\/2024\/07\/Plakat-Wewnatrz-Transmediow-24-kopia-233x300.jpg\" alt=\"\" width=\"233\" height=\"300\" srcset=\"https:\/\/www.academia-electronica.net\/wp-content\/uploads\/2024\/07\/Plakat-Wewnatrz-Transmediow-24-kopia-233x300.jpg 233w, https:\/\/www.academia-electronica.net\/wp-content\/uploads\/2024\/07\/Plakat-Wewnatrz-Transmediow-24-kopia-795x1024.jpg 795w, https:\/\/www.academia-electronica.net\/wp-content\/uploads\/2024\/07\/Plakat-Wewnatrz-Transmediow-24-kopia-768x989.jpg 768w, https:\/\/www.academia-electronica.net\/wp-content\/uploads\/2024\/07\/Plakat-Wewnatrz-Transmediow-24-kopia-1192x1536.jpg 1192w, https:\/\/www.academia-electronica.net\/wp-content\/uploads\/2024\/07\/Plakat-Wewnatrz-Transmediow-24-kopia-1590x2048.jpg 1590w, https:\/\/www.academia-electronica.net\/wp-content\/uploads\/2024\/07\/Plakat-Wewnatrz-Transmediow-24-kopia-scaled.jpg 1987w\" sizes=\"(max-width: 233px) 100vw, 233px\" \/><\/a><\/td>\n<td style=\"width: 77.3179%;\">\n<p style=\"text-align: center;\"><a href=\"https:\/\/www.academia-electronica.net\/?page_id=1784\" target=\"_blank\" rel=\"noopener\"><em>Wewn\u0105trz Transmedi\u00f3w.<br \/>\nArtysta, u\u017cytkownik, odbiorca<\/em><\/a><\/p>\n<p style=\"text-align: center;\">dr Liliana Kozak<\/p>\n<p style=\"text-align: center;\">Polskie Stowarzyszenie Transhumanistyczne<br \/>\nPolski Zwi\u0105zek Artyst\u00f3w Plastyk\u00f3w<br \/>\nPolskie Towarzystwo Estetyczne (patronat medialny)<br \/>\nAcademia Electronica w Spatial<\/p>\n<p style=\"text-align: center;\">10.07.2024<\/p>\n<\/td>\n<\/tr>\n<tr>\n<td style=\"width: 22.5166%;\"><a href=\"http:\/\/www.academia-electronica.net\/wp-content\/uploads\/2024\/07\/PiNT24-plakat.jpg\"><img loading=\"lazy\" class=\"alignnone size-medium wp-image-1768\" src=\"http:\/\/www.academia-electronica.net\/wp-content\/uploads\/2024\/07\/PiNT24-plakat-300x169.jpg\" alt=\"\" width=\"300\" height=\"169\" srcset=\"https:\/\/www.academia-electronica.net\/wp-content\/uploads\/2024\/07\/PiNT24-plakat-300x169.jpg 300w, https:\/\/www.academia-electronica.net\/wp-content\/uploads\/2024\/07\/PiNT24-plakat-1024x576.jpg 1024w, https:\/\/www.academia-electronica.net\/wp-content\/uploads\/2024\/07\/PiNT24-plakat-768x432.jpg 768w, https:\/\/www.academia-electronica.net\/wp-content\/uploads\/2024\/07\/PiNT24-plakat.jpg 1280w\" sizes=\"(max-width: 300px) 100vw, 300px\" \/><\/a><\/td>\n<td style=\"width: 77.3179%;\">\n<p style=\"text-align: center;\"><em><a href=\"https:\/\/www.academia-electronica.net\/?page_id=1770\" target=\"_blank\" rel=\"noopener\">Uniwersytet pomi\u0119dzy paragrafami<\/a><br \/>\n<\/em><\/p>\n<p style=\"text-align: center;\">Sidey Myoo<\/p>\n<p style=\"text-align: center;\">Okr\u0119gowa Izba Radc\u00f3w Prawnych w Krakowie<\/p>\n<p style=\"text-align: center;\">28-29.06.2024<\/p>\n<\/td>\n<\/tr>\n<tr>\n<td style=\"width: 22.5166%;\"><a href=\"http:\/\/www.academia-electronica.net\/wp-content\/uploads\/2024\/05\/Program-seminarium-seminarium-5.png\"><img loading=\"lazy\" class=\"alignnone size-medium wp-image-1648\" src=\"http:\/\/www.academia-electronica.net\/wp-content\/uploads\/2024\/05\/Program-seminarium-seminarium-5-212x300.png\" alt=\"\" width=\"212\" height=\"300\" srcset=\"https:\/\/www.academia-electronica.net\/wp-content\/uploads\/2024\/05\/Program-seminarium-seminarium-5-212x300.png 212w, https:\/\/www.academia-electronica.net\/wp-content\/uploads\/2024\/05\/Program-seminarium-seminarium-5-724x1024.png 724w, https:\/\/www.academia-electronica.net\/wp-content\/uploads\/2024\/05\/Program-seminarium-seminarium-5-768x1086.png 768w, https:\/\/www.academia-electronica.net\/wp-content\/uploads\/2024\/05\/Program-seminarium-seminarium-5-1086x1536.png 1086w, https:\/\/www.academia-electronica.net\/wp-content\/uploads\/2024\/05\/Program-seminarium-seminarium-5.png 1414w\" sizes=\"(max-width: 212px) 100vw, 212px\" \/><\/a><\/td>\n<td style=\"width: 77.3179%;\">\n<p style=\"text-align: center;\"><a href=\"https:\/\/www.academia-electronica.net\/?page_id=1631\" target=\"_blank\" rel=\"noopener\"><em>Estetyczne aspekty sztucznej Inteligencji a przeobra\u017cenia wsp\u00f3\u0142czesnej praktyki artystycznej<\/em><\/a><\/p>\n<p style=\"text-align: center;\">dr Aleksandra Binicewicz, dr Mieszko Ciesielski, prof. dr hab. Beata Frydryczak, dr hab. Aleksandra \u0141ukaszewicz, dr Sylwia Szykowna<\/p>\n<p style=\"text-align: center;\">Polskie Towarzystwo Estetyczne i Academia Electronica w Spatial<br \/>\nw ramach cyklu seminari\u00f3w <a href=\"https:\/\/pte.uj.edu.pl\/?p=850\" target=\"_blank\" rel=\"noopener\">Polskiego Towarzystwa Estetycznego<\/a> we wsp\u00f3\u0142pracy z mi\u0119dzynarodowym projektem &#8220;Horizon&#8221; &#8211;\u00a0<em><a href=\"https:\/\/www.caphe.space\/\" target=\"_blank\" rel=\"noopener\">The Communities and Artistic Participation in Hybrid Environments<\/a><\/em> (CAPHE)<\/p>\n<p style=\"text-align: center;\">Seminarium V<\/p>\n<p style=\"text-align: center;\">29.05.2024<\/p>\n<\/td>\n<\/tr>\n<tr>\n<td style=\"width: 22.5166%;\"><a href=\"http:\/\/www.academia-electronica.net\/wp-content\/uploads\/2024\/05\/Letnia-Akademia-VR-2024.jpg\"><img loading=\"lazy\" class=\"alignnone size-medium wp-image-1634\" src=\"http:\/\/www.academia-electronica.net\/wp-content\/uploads\/2024\/05\/Letnia-Akademia-VR-2024-300x169.jpg\" alt=\"\" width=\"300\" height=\"169\" srcset=\"https:\/\/www.academia-electronica.net\/wp-content\/uploads\/2024\/05\/Letnia-Akademia-VR-2024-300x169.jpg 300w, https:\/\/www.academia-electronica.net\/wp-content\/uploads\/2024\/05\/Letnia-Akademia-VR-2024-1024x576.jpg 1024w, https:\/\/www.academia-electronica.net\/wp-content\/uploads\/2024\/05\/Letnia-Akademia-VR-2024-768x432.jpg 768w, https:\/\/www.academia-electronica.net\/wp-content\/uploads\/2024\/05\/Letnia-Akademia-VR-2024.jpg 1280w\" sizes=\"(max-width: 300px) 100vw, 300px\" \/><\/a><\/td>\n<td style=\"width: 77.3179%;\">\n<p style=\"text-align: center;\"><i><a href=\"https:\/\/www.academia-electronica.net\/?page_id=1636\" target=\"_blank\" rel=\"noopener\">Letnia Akademia VR<\/a><br \/>\n<\/i><\/p>\n<p style=\"text-align: center;\">Sidey Myoo &amp; Neutrinka Lisle<\/p>\n<p style=\"text-align: center;\"><span class=\"C9DxTc \">Laboratorium EduVRLab &#8211; Wydzia\u0142 Humanistyczny AGH we wsp\u00f3\u0142pracy z Academia Electronica<\/span><\/p>\n<p style=\"text-align: center;\">24.05.2024<\/p>\n<\/td>\n<\/tr>\n<tr style=\"height: 141px;\">\n<td style=\"width: 22.5166%; height: 141px;\"><a href=\"http:\/\/www.academia-electronica.net\/wp-content\/uploads\/2024\/03\/Wirtualium-3.0-plakat-scaled.jpg\"><img loading=\"lazy\" class=\"alignnone wp-image-1462 size-medium\" src=\"http:\/\/www.academia-electronica.net\/wp-content\/uploads\/2024\/03\/Wirtualium-3.0-plakat-300x150.jpg\" alt=\"\" width=\"300\" height=\"150\" srcset=\"https:\/\/www.academia-electronica.net\/wp-content\/uploads\/2024\/03\/Wirtualium-3.0-plakat-300x150.jpg 300w, https:\/\/www.academia-electronica.net\/wp-content\/uploads\/2024\/03\/Wirtualium-3.0-plakat-1024x512.jpg 1024w, https:\/\/www.academia-electronica.net\/wp-content\/uploads\/2024\/03\/Wirtualium-3.0-plakat-768x384.jpg 768w, https:\/\/www.academia-electronica.net\/wp-content\/uploads\/2024\/03\/Wirtualium-3.0-plakat-1536x768.jpg 1536w, https:\/\/www.academia-electronica.net\/wp-content\/uploads\/2024\/03\/Wirtualium-3.0-plakat-2048x1024.jpg 2048w\" sizes=\"(max-width: 300px) 100vw, 300px\" \/><\/a><\/td>\n<td style=\"width: 77.3179%; height: 141px;\">\n<p style=\"text-align: center;\"><i><a href=\"https:\/\/www.academia-electronica.net\/?page_id=1464\" target=\"_blank\" rel=\"noopener\">Wirtualium 3.0<\/a><br \/>\n<\/i><\/p>\n<p style=\"text-align: center;\">Wydzia\u0142 Humanistyczny Akademii G\u00f3rniczo-Hutniczej w Krakowie i Academia Electronica<\/p>\n<p style=\"text-align: center;\">17-18.05.2024<\/p>\n<\/td>\n<\/tr>\n<tr>\n<td style=\"width: 22.5166%; text-align: center;\"><img loading=\"lazy\" class=\"alignnone size-medium wp-image-1626\" src=\"http:\/\/www.academia-electronica.net\/wp-content\/uploads\/2024\/05\/Program-konferencji-La-Spezia-2024-211x300.jpg\" alt=\"\" width=\"211\" height=\"300\" srcset=\"https:\/\/www.academia-electronica.net\/wp-content\/uploads\/2024\/05\/Program-konferencji-La-Spezia-2024-211x300.jpg 211w, https:\/\/www.academia-electronica.net\/wp-content\/uploads\/2024\/05\/Program-konferencji-La-Spezia-2024.jpg 507w\" sizes=\"(max-width: 211px) 100vw, 211px\" \/><\/td>\n<td style=\"width: 77.3179%;\">\n<p style=\"text-align: center;\"><a href=\"https:\/\/www.academia-electronica.net\/?page_id=1615\" target=\"_blank\" rel=\"noopener\"><em>Sensory Art<\/em><\/a><\/p>\n<p style=\"text-align: center;\">Sidey Myoo<i><br \/>\n<\/i><\/p>\n<p style=\"text-align: center;\">Conservatorio Giacomo Puccini, La Spezia, W\u0142ochy &amp; Academia Electronica w Spatial (w ramach mi\u0119dzynarodowego projektu \u201cHorizon\u201d<em> \u2013 <a href=\"https:\/\/www.caphe.space\/\" target=\"_blank\" rel=\"noopener\">The Communities and Artistic Participation in Hybrid Environments<\/a><\/em> (CAPHE))<\/p>\n<p style=\"text-align: center;\">17.05.2024<\/p>\n<\/td>\n<\/tr>\n<tr style=\"height: 276px;\">\n<td style=\"width: 22.5166%; height: 276px;\"><a href=\"http:\/\/www.academia-electronica.net\/wp-content\/uploads\/2024\/04\/PTE_Seminarium-_Szczecin_mail_l_szare-scaled.jpg\"><img loading=\"lazy\" class=\"alignnone wp-image-1584 size-medium\" src=\"http:\/\/www.academia-electronica.net\/wp-content\/uploads\/2024\/04\/PTE_Seminarium-_Szczecin_mail_l_szare-211x300.jpg\" alt=\"\" width=\"211\" height=\"300\" srcset=\"https:\/\/www.academia-electronica.net\/wp-content\/uploads\/2024\/04\/PTE_Seminarium-_Szczecin_mail_l_szare-211x300.jpg 211w, https:\/\/www.academia-electronica.net\/wp-content\/uploads\/2024\/04\/PTE_Seminarium-_Szczecin_mail_l_szare-719x1024.jpg 719w, https:\/\/www.academia-electronica.net\/wp-content\/uploads\/2024\/04\/PTE_Seminarium-_Szczecin_mail_l_szare-768x1094.jpg 768w, https:\/\/www.academia-electronica.net\/wp-content\/uploads\/2024\/04\/PTE_Seminarium-_Szczecin_mail_l_szare-1078x1536.jpg 1078w, https:\/\/www.academia-electronica.net\/wp-content\/uploads\/2024\/04\/PTE_Seminarium-_Szczecin_mail_l_szare-1437x2048.jpg 1437w, https:\/\/www.academia-electronica.net\/wp-content\/uploads\/2024\/04\/PTE_Seminarium-_Szczecin_mail_l_szare-scaled.jpg 1797w\" sizes=\"(max-width: 211px) 100vw, 211px\" \/><\/a><\/td>\n<td style=\"width: 77.3179%; height: 276px;\">\n<p style=\"text-align: center;\"><a href=\"https:\/\/www.academia-electronica.net\/?page_id=1586\" target=\"_blank\" rel=\"noopener\"><em>Do\u015bwiadczenie estetyczne w dobie czwartej rewolucji przemys\u0142owej a l\u0119k technologiczny<\/em><\/a><\/p>\n<p style=\"text-align: center;\">dr hab. Aleksandra \u0141ukaszewicz, dr Joanna Szczepanik, dr hab. Ewa W\u00f3jtowicz, dr Adrian Kvokacka, dr hab. Andreas Guskos, prof. dr hab. Zbigniew Roma\u0144czuk<\/p>\n<p style=\"text-align: center;\">Polskie Towarzystwo Estetyczne i Academia Electronica w Spatial<br \/>\nw ramach cyklu seminari\u00f3w <a href=\"https:\/\/pte.uj.edu.pl\/?p=850\" target=\"_blank\" rel=\"noopener\">Polskiego Towarzystwa Estetycznego<\/a> we wsp\u00f3\u0142pracy z mi\u0119dzynarodowym projektem &#8220;Horizon&#8221;<em> &#8211; <a href=\"https:\/\/www.caphe.space\/\" target=\"_blank\" rel=\"noopener\">The Communities and Artistic Participation in Hybrid Environments<\/a><\/em> (CAPHE)<\/p>\n<p style=\"text-align: center;\">Seminarium IV<\/p>\n<p style=\"text-align: center;\">12.04.2024<i><br \/>\n<\/i><\/p>\n<\/td>\n<\/tr>\n<tr style=\"height: 150px;\">\n<td style=\"width: 22.5166%; height: 150px;\"><a href=\"http:\/\/www.academia-electronica.net\/wp-content\/uploads\/2024\/04\/2024-04-04-at-13-06-45-Laboratorium-percepcji-\u2013-Instytut-im.-Jerzego-Grotowskiego.jpeg.png\"><img loading=\"lazy\" class=\"alignnone wp-image-1572 size-medium\" src=\"http:\/\/www.academia-electronica.net\/wp-content\/uploads\/2024\/04\/2024-04-04-at-13-06-45-Laboratorium-percepcji-\u2013-Instytut-im.-Jerzego-Grotowskiego.jpeg-300x108.png\" alt=\"\" width=\"300\" height=\"108\" srcset=\"https:\/\/www.academia-electronica.net\/wp-content\/uploads\/2024\/04\/2024-04-04-at-13-06-45-Laboratorium-percepcji-\u2013-Instytut-im.-Jerzego-Grotowskiego.jpeg-300x108.png 300w, https:\/\/www.academia-electronica.net\/wp-content\/uploads\/2024\/04\/2024-04-04-at-13-06-45-Laboratorium-percepcji-\u2013-Instytut-im.-Jerzego-Grotowskiego.jpeg-768x277.png 768w, https:\/\/www.academia-electronica.net\/wp-content\/uploads\/2024\/04\/2024-04-04-at-13-06-45-Laboratorium-percepcji-\u2013-Instytut-im.-Jerzego-Grotowskiego.jpeg.png 805w\" sizes=\"(max-width: 300px) 100vw, 300px\" \/><\/a><\/td>\n<td style=\"width: 77.3179%; height: 150px;\">\n<p style=\"text-align: center;\"><i><a href=\"https:\/\/www.academia-electronica.net\/?page_id=1575\" target=\"_blank\" rel=\"noopener\">Sztuka sensoryczna<\/a><br \/>\n<\/i><\/p>\n<p style=\"text-align: center;\">Sidey Myoo<br \/>\nInstytut im. Jerzego Grotowskiego we Wroc\u0142awiu i Academia Electronica w Spatial (w ramach mi\u0119dzynarodowego projektu &#8220;Horizon&#8221;<em> &#8211; <a href=\"https:\/\/www.caphe.space\/\" target=\"_blank\" rel=\"noopener\">The Communities and Artistic Participation in Hybrid Environments<\/a><\/em> (CAPHE))<\/p>\n<p style=\"text-align: center;\">16.03.2024<\/p>\n<\/td>\n<\/tr>\n<tr style=\"height: 291px;\">\n<td style=\"width: 22.5166%; height: 291px;\"><a href=\"http:\/\/www.academia-electronica.net\/wp-content\/uploads\/2024\/03\/Seminarium-PTE-8.03.2024.jpg\"><img loading=\"lazy\" class=\"alignnone wp-image-1468 size-medium\" src=\"http:\/\/www.academia-electronica.net\/wp-content\/uploads\/2024\/03\/Seminarium-PTE-8.03.2024-212x300.jpg\" alt=\"\" width=\"212\" height=\"300\" srcset=\"https:\/\/www.academia-electronica.net\/wp-content\/uploads\/2024\/03\/Seminarium-PTE-8.03.2024-212x300.jpg 212w, https:\/\/www.academia-electronica.net\/wp-content\/uploads\/2024\/03\/Seminarium-PTE-8.03.2024-724x1024.jpg 724w, https:\/\/www.academia-electronica.net\/wp-content\/uploads\/2024\/03\/Seminarium-PTE-8.03.2024-768x1086.jpg 768w, https:\/\/www.academia-electronica.net\/wp-content\/uploads\/2024\/03\/Seminarium-PTE-8.03.2024-1086x1536.jpg 1086w, https:\/\/www.academia-electronica.net\/wp-content\/uploads\/2024\/03\/Seminarium-PTE-8.03.2024.jpg 1448w\" sizes=\"(max-width: 212px) 100vw, 212px\" \/><\/a><\/td>\n<td style=\"width: 77.3179%; height: 291px;\">\n<p style=\"text-align: center;\"><i><a href=\"https:\/\/www.academia-electronica.net\/?page_id=1474\" target=\"_blank\" rel=\"noopener\">Wirtualizacja Street Artu i jej estetyczne konsekwencje<\/a><br \/>\n<\/i><\/p>\n<p style=\"text-align: center;\">dr hab. Wioletta Kazimierska-Jerzyk, dr hab. Aleksandra \u0141ukaszewicz, mgr Aleksandra Dudek, dr Bogna J. Gladden-Obidzi\u0144ska, Anita B\u0142a\u017cejewska, dr Adam Drozdowski, Adam Leszczy\u0144ski<\/p>\n<p style=\"text-align: center;\">Polskie Towarzystwo Estetyczne i Academia Electronica w Spatial<br \/>\nw ramach cyklu seminari\u00f3w <a href=\"https:\/\/pte.uj.edu.pl\/?p=850\" target=\"_blank\" rel=\"noopener\">Polskiego Towarzystwa Estetycznego<\/a> we wsp\u00f3\u0142pracy z mi\u0119dzynarodowym projektem &#8220;Horizon&#8221;<em> &#8211; <a href=\"https:\/\/www.caphe.space\/\" target=\"_blank\" rel=\"noopener\">The Communities and Artistic Participation in Hybrid Environments<\/a><\/em> (CAPHE)<\/p>\n<p style=\"text-align: center;\">Seminarium III<\/p>\n<p style=\"text-align: center;\">8.03.2024<\/p>\n<\/td>\n<\/tr>\n<tr style=\"height: 267px;\">\n<td style=\"width: 22.5166%; height: 267px;\"><a href=\"http:\/\/www.academia-electronica.net\/wp-content\/uploads\/2024\/02\/Seminarium-PTE-2024.jpg\"><img loading=\"lazy\" class=\"alignnone wp-image-1400 size-medium\" src=\"http:\/\/www.academia-electronica.net\/wp-content\/uploads\/2024\/02\/Seminarium-PTE-2024-220x300.jpg\" alt=\"\" width=\"220\" height=\"300\" srcset=\"https:\/\/www.academia-electronica.net\/wp-content\/uploads\/2024\/02\/Seminarium-PTE-2024-220x300.jpg 220w, https:\/\/www.academia-electronica.net\/wp-content\/uploads\/2024\/02\/Seminarium-PTE-2024-752x1024.jpg 752w, https:\/\/www.academia-electronica.net\/wp-content\/uploads\/2024\/02\/Seminarium-PTE-2024-768x1046.jpg 768w, https:\/\/www.academia-electronica.net\/wp-content\/uploads\/2024\/02\/Seminarium-PTE-2024.jpg 1038w\" sizes=\"(max-width: 220px) 100vw, 220px\" \/><\/a><\/td>\n<td style=\"width: 77.3179%; height: 267px;\">\n<p style=\"text-align: center;\"><a href=\"https:\/\/www.academia-electronica.net\/?page_id=1403\" target=\"_blank\" rel=\"noopener\"><em>Do\u015bwiadczenie realno\u015bci metawers\u00f3w w kontek\u015bcie poj\u0119cia mimesis<\/em><\/a><\/p>\n<p style=\"text-align: center;\">dr Bogna J. Gladden-Obidzi\u0144ska, mgr Tomir J\u0119drejek, dr hab. Ma\u0142gorzata Szyszkowska, dr Liliana Kozak<\/p>\n<p style=\"text-align: center;\">Polskie Towarzystwo Estetyczne i Academia Electronica w Spatial<br \/>\nw ramach cyklu seminari\u00f3w <a href=\"https:\/\/pte.uj.edu.pl\/?p=850\" target=\"_blank\" rel=\"noopener\">Polskiego Towarzystwa Estetycznego<\/a> we wsp\u00f3\u0142pracy z mi\u0119dzynarodowym projektem &#8220;Horizon&#8221;<em> &#8211; <a href=\"https:\/\/www.caphe.space\/\" target=\"_blank\" rel=\"noopener\">The Communities and Artistic Participation in Hybrid Environments<\/a><\/em> (CAPHE)<\/p>\n<p style=\"text-align: center;\">Seminarium II<\/p>\n<p style=\"text-align: center;\">9.02.2024<\/p>\n<\/td>\n<\/tr>\n<tr style=\"height: 267px;\">\n<td style=\"width: 22.5166%; height: 267px;\"><a href=\"http:\/\/www.academia-electronica.net\/wp-content\/uploads\/2024\/01\/Plakat-Lublin-seminarium-kopia-scaled.jpg\"><img loading=\"lazy\" class=\"alignnone wp-image-1359 size-medium\" src=\"http:\/\/www.academia-electronica.net\/wp-content\/uploads\/2024\/01\/Plakat-Lublin-seminarium-kopia-218x300.jpg\" alt=\"\" width=\"218\" height=\"300\" srcset=\"https:\/\/www.academia-electronica.net\/wp-content\/uploads\/2024\/01\/Plakat-Lublin-seminarium-kopia-218x300.jpg 218w, https:\/\/www.academia-electronica.net\/wp-content\/uploads\/2024\/01\/Plakat-Lublin-seminarium-kopia-744x1024.jpg 744w, https:\/\/www.academia-electronica.net\/wp-content\/uploads\/2024\/01\/Plakat-Lublin-seminarium-kopia-768x1057.jpg 768w, https:\/\/www.academia-electronica.net\/wp-content\/uploads\/2024\/01\/Plakat-Lublin-seminarium-kopia-1117x1536.jpg 1117w, https:\/\/www.academia-electronica.net\/wp-content\/uploads\/2024\/01\/Plakat-Lublin-seminarium-kopia-1489x2048.jpg 1489w, https:\/\/www.academia-electronica.net\/wp-content\/uploads\/2024\/01\/Plakat-Lublin-seminarium-kopia-scaled.jpg 1861w\" sizes=\"(max-width: 218px) 100vw, 218px\" \/><\/a><\/td>\n<td style=\"width: 77.3179%; height: 267px;\">\n<p style=\"text-align: center;\"><a href=\"https:\/\/www.academia-electronica.net\/?page_id=1363\" target=\"_blank\" rel=\"noopener\"><em>Pocz\u0105tki przemian do\u015bwiadczenia estetycznego sztuki <\/em><\/a><br \/>\n<a href=\"https:\/\/www.academia-electronica.net\/?page_id=1363\" target=\"_blank\" rel=\"noopener\"><em>na prze\u0142omie XX i XXI wieku.<\/em><\/a><\/p>\n<p style=\"text-align: center;\">dr Liliana Kozak (RL) | Liliana (VR), dr hab. dr hab. Aleksandra \u0141ukaszewicz<\/p>\n<p style=\"text-align: center;\">Polskie Towarzystwo Estetyczne i Academia Electronica w Spatial<br \/>\nw ramach cyklu seminari\u00f3w <a href=\"https:\/\/pte.uj.edu.pl\/?p=850\" target=\"_blank\" rel=\"noopener\">Polskiego Towarzystwa Estetycznego<\/a> we wsp\u00f3\u0142pracy z mi\u0119dzynarodowym projektem &#8220;Horizon&#8221;<em> &#8211; <a href=\"https:\/\/www.caphe.space\/\" target=\"_blank\" rel=\"noopener\">The Communities and Artistic Participation in Hybrid Environments<\/a><\/em> (CAPHE)<\/p>\n<p style=\"text-align: center;\">Seminarium I<\/p>\n<p style=\"text-align: center;\">12.01.2024<\/p>\n<\/td>\n<\/tr>\n<tr style=\"height: 156px;\">\n<td style=\"width: 22.5166%; height: 156px;\"><a href=\"http:\/\/www.academia-electronica.net\/wp-content\/uploads\/2023\/09\/plakat-ZF-2023-SFTiNTpptx.jpg\"><img loading=\"lazy\" class=\"alignnone wp-image-1245 size-medium\" src=\"http:\/\/www.academia-electronica.net\/wp-content\/uploads\/2023\/09\/plakat-ZF-2023-SFTiNTpptx-300x169.jpg\" alt=\"\" width=\"300\" height=\"169\" srcset=\"https:\/\/www.academia-electronica.net\/wp-content\/uploads\/2023\/09\/plakat-ZF-2023-SFTiNTpptx-300x169.jpg 300w, https:\/\/www.academia-electronica.net\/wp-content\/uploads\/2023\/09\/plakat-ZF-2023-SFTiNTpptx-1024x576.jpg 1024w, https:\/\/www.academia-electronica.net\/wp-content\/uploads\/2023\/09\/plakat-ZF-2023-SFTiNTpptx-768x432.jpg 768w, https:\/\/www.academia-electronica.net\/wp-content\/uploads\/2023\/09\/plakat-ZF-2023-SFTiNTpptx.jpg 1280w\" sizes=\"(max-width: 300px) 100vw, 300px\" \/><\/a><\/td>\n<td style=\"width: 77.3179%; height: 156px;\">\n<p style=\"text-align: center;\"><a href=\"https:\/\/www.academia-electronica.net\/?page_id=1234\" target=\"_blank\" rel=\"noopener\"><i>Logika przysz\u0142o\u015bci \u2013 <\/i><i>futurologia jako metoda badawcza<\/i><\/a><\/p>\n<p style=\"text-align: center;\">Sidey Myoo<em><br \/>\n<\/em><\/p>\n<p style=\"text-align: center;\">Uniwersytet \u0141\u00f3dzki, Academia Electronica w Spatial<\/p>\n<p style=\"text-align: center;\">13.09.2023<\/p>\n<\/td>\n<\/tr>\n<tr style=\"height: 156px;\">\n<td style=\"width: 22.5166%; height: 156px;\"><a href=\"http:\/\/www.academia-electronica.net\/wp-content\/uploads\/2023\/09\/plakat-Sidey-Myoo-ZF-2023-SEiFS.jpg\"><img loading=\"lazy\" class=\"alignnone wp-image-1238 size-medium\" src=\"http:\/\/www.academia-electronica.net\/wp-content\/uploads\/2023\/09\/plakat-Sidey-Myoo-ZF-2023-SEiFS-300x169.jpg\" alt=\"\" width=\"300\" height=\"169\" srcset=\"https:\/\/www.academia-electronica.net\/wp-content\/uploads\/2023\/09\/plakat-Sidey-Myoo-ZF-2023-SEiFS-300x169.jpg 300w, https:\/\/www.academia-electronica.net\/wp-content\/uploads\/2023\/09\/plakat-Sidey-Myoo-ZF-2023-SEiFS-1024x576.jpg 1024w, https:\/\/www.academia-electronica.net\/wp-content\/uploads\/2023\/09\/plakat-Sidey-Myoo-ZF-2023-SEiFS-768x432.jpg 768w, https:\/\/www.academia-electronica.net\/wp-content\/uploads\/2023\/09\/plakat-Sidey-Myoo-ZF-2023-SEiFS.jpg 1280w\" sizes=\"(max-width: 300px) 100vw, 300px\" \/><\/a><\/td>\n<td style=\"width: 77.3179%; height: 156px;\">\n<p style=\"text-align: center;\"><a href=\"https:\/\/www.academia-electronica.net\/?page_id=1241\" target=\"_blank\" rel=\"noopener\"><em>Artystyczne \u015bwiaty VR<\/em><\/a><\/p>\n<p style=\"text-align: center;\">Sidey Myoo<em><br \/>\n<\/em><\/p>\n<p style=\"text-align: center;\">Uniwersytet \u0141\u00f3dzki, Academia Electronica w Spatial<\/p>\n<p style=\"text-align: center;\">12.09.2023 <i>\u00a0<\/i><\/p>\n<\/td>\n<\/tr>\n<tr style=\"height: 30px;\">\n<td style=\"width: 99.8345%; height: 30px;\" colspan=\"2\">\n<h4 style=\"text-align: center;\"><strong>2022\/2023<\/strong><\/h4>\n<\/td>\n<\/tr>\n<tr style=\"height: 204px;\">\n<td style=\"width: 22.5166%; height: 204px;\"><a href=\"http:\/\/www.academia-electronica.net\/wp-content\/uploads\/2023\/06\/Sidey-Myoo-Singularity-PUNO-1.jpg\"><img loading=\"lazy\" class=\"alignnone wp-image-1012 size-medium\" src=\"http:\/\/www.academia-electronica.net\/wp-content\/uploads\/2023\/06\/Sidey-Myoo-Singularity-PUNO-1-300x169.jpg\" alt=\"\" width=\"300\" height=\"169\" srcset=\"https:\/\/www.academia-electronica.net\/wp-content\/uploads\/2023\/06\/Sidey-Myoo-Singularity-PUNO-1-300x169.jpg 300w, https:\/\/www.academia-electronica.net\/wp-content\/uploads\/2023\/06\/Sidey-Myoo-Singularity-PUNO-1-1024x576.jpg 1024w, https:\/\/www.academia-electronica.net\/wp-content\/uploads\/2023\/06\/Sidey-Myoo-Singularity-PUNO-1-768x432.jpg 768w, https:\/\/www.academia-electronica.net\/wp-content\/uploads\/2023\/06\/Sidey-Myoo-Singularity-PUNO-1.jpg 1280w\" sizes=\"(max-width: 300px) 100vw, 300px\" \/><\/a><\/td>\n<td style=\"width: 77.3179%; height: 204px;\">\n<p style=\"text-align: center;\"><a href=\"https:\/\/www.academia-electronica.net\/?page_id=1015\" target=\"_blank\" rel=\"noopener\"><em>Singularity: the last thing man will invent<\/em><\/a><\/p>\n<p style=\"text-align: center;\">Sidey Myoo<\/p>\n<p style=\"text-align: center;\"><a href=\"https:\/\/puno.ac.uk\/?lang=en\" target=\"_blank\" rel=\"noopener\">Polish University on Abroad (PUNO)<\/a> (w ramac<em>h <\/em>mi\u0119dzynarodowego projektu &#8220;Horizon&#8221;<em> &#8211; <a href=\"https:\/\/www.caphe.space\/\" target=\"_blank\" rel=\"noopener\">The Communities and Artistic Participation in Hybrid Environments<\/a><\/em> (CAPHE))<\/p>\n<p style=\"text-align: center;\">24.06.2023<\/p>\n<\/td>\n<\/tr>\n<tr style=\"height: 213px;\">\n<td style=\"width: 22.5166%; height: 213px;\"><a href=\"http:\/\/www.academia-electronica.net\/wp-content\/uploads\/2023\/05\/Wirtualium-2.0-2023.png\"><img loading=\"lazy\" class=\"alignnone wp-image-985 size-medium\" src=\"http:\/\/www.academia-electronica.net\/wp-content\/uploads\/2023\/05\/Wirtualium-2.0-2023-300x155.png\" alt=\"\" width=\"300\" height=\"155\" srcset=\"https:\/\/www.academia-electronica.net\/wp-content\/uploads\/2023\/05\/Wirtualium-2.0-2023-300x155.png 300w, https:\/\/www.academia-electronica.net\/wp-content\/uploads\/2023\/05\/Wirtualium-2.0-2023-1024x531.png 1024w, https:\/\/www.academia-electronica.net\/wp-content\/uploads\/2023\/05\/Wirtualium-2.0-2023-768x398.png 768w, https:\/\/www.academia-electronica.net\/wp-content\/uploads\/2023\/05\/Wirtualium-2.0-2023-1536x796.png 1536w, https:\/\/www.academia-electronica.net\/wp-content\/uploads\/2023\/05\/Wirtualium-2.0-2023.png 2048w\" sizes=\"(max-width: 300px) 100vw, 300px\" \/><\/a><\/td>\n<td style=\"width: 77.3179%; height: 213px;\">\n<p style=\"text-align: center;\"><a href=\"https:\/\/www.academia-electronica.net\/?page_id=989\" target=\"_blank\" rel=\"noopener\"><i><em>Wirtualium 2.0<\/em><\/i><\/a><\/p>\n<p style=\"text-align: center;\"><span class=\"x193iq5w xeuugli x13faqbe x1vvkbs x1xmvt09 x1lliihq x1s928wv xhkezso x1gmr53x x1cpjm7i x1fgarty x1943h6x xudqn12 x3x7a5m x6prxxf xvq8zen xo1l8bm xzsf02u x1yc453h\" dir=\"auto\"><span class=\"xt0psk2\">Sekcja Filozofii Techniki Ko\u0142a Naukowego Student\u00f3w Filozofii UJ, Ko\u0142o Naukowe Architekt\u00f3w Informacji UMCS<\/span>, <span class=\"xt0psk2\">Ko\u0142o Naukowe Kognitywistyki UMCS,<\/span> <span class=\"xt0psk2\">Laboratorium Eduvrlab<\/span>, <span class=\"xt0psk2\">Uniwersytet Marii Curie-Sk\u0142odowskiej w Lublinie<\/span>, Collegium Invisibile, <span class=\"xt0psk2\">Cafe Nauka<\/span>, <span class=\"xt0psk2\">Filozofuj<\/span>, <span class=\"xt0psk2\">Lubelska Wy\u017cyna IT<\/span><\/span><\/p>\n<p style=\"text-align: center;\">26-27.05.2023<\/p>\n<\/td>\n<\/tr>\n<tr style=\"height: 180px;\">\n<td style=\"width: 22.5166%; height: 180px;\"><a href=\"http:\/\/www.academia-electronica.net\/wp-content\/uploads\/2023\/03\/Metaswiaty-plakat.jpg\"><img loading=\"lazy\" class=\"alignnone wp-image-913 size-medium\" src=\"http:\/\/www.academia-electronica.net\/wp-content\/uploads\/2023\/03\/Metaswiaty-plakat-300x169.jpg\" alt=\"\" width=\"300\" height=\"169\" srcset=\"https:\/\/www.academia-electronica.net\/wp-content\/uploads\/2023\/03\/Metaswiaty-plakat-300x169.jpg 300w, https:\/\/www.academia-electronica.net\/wp-content\/uploads\/2023\/03\/Metaswiaty-plakat-1024x576.jpg 1024w, https:\/\/www.academia-electronica.net\/wp-content\/uploads\/2023\/03\/Metaswiaty-plakat-768x432.jpg 768w, https:\/\/www.academia-electronica.net\/wp-content\/uploads\/2023\/03\/Metaswiaty-plakat.jpg 1280w\" sizes=\"(max-width: 300px) 100vw, 300px\" \/><\/a><\/td>\n<td style=\"width: 77.3179%; height: 180px;\">\n<p style=\"text-align: center;\"><a href=\"https:\/\/www.academia-electronica.net\/?page_id=916\" target=\"_blank\" rel=\"noopener\"><i><em>Metaverse \u2013 artystycznie kreowany \u015bwiat<\/em><\/i><\/a><\/p>\n<p style=\"text-align: center;\">Sidey Myoo<\/p>\n<p style=\"text-align: center;\">Akademia Sztuk Pi\u0119knych w Krakowie i Akademia Leona Ko\u017ami\u0144skiego w Warszawie<\/p>\n<p style=\"text-align: center;\">28.03.2023<\/p>\n<\/td>\n<\/tr>\n<tr style=\"height: 228px;\">\n<td style=\"width: 22.5166%; height: 228px;\"><a href=\"http:\/\/www.academia-electronica.net\/wp-content\/uploads\/2023\/02\/Sidey-Myoo-Sidey-Myoo-VR-ART-as-a-New-kind-of-Art-in-Metaverse-1.jpg\"><img loading=\"lazy\" class=\"alignnone wp-image-844 size-medium\" src=\"http:\/\/www.academia-electronica.net\/wp-content\/uploads\/2023\/02\/Sidey-Myoo-Sidey-Myoo-VR-ART-as-a-New-kind-of-Art-in-Metaverse-1-300x169.jpg\" alt=\"\" width=\"300\" height=\"169\" srcset=\"https:\/\/www.academia-electronica.net\/wp-content\/uploads\/2023\/02\/Sidey-Myoo-Sidey-Myoo-VR-ART-as-a-New-kind-of-Art-in-Metaverse-1-300x169.jpg 300w, https:\/\/www.academia-electronica.net\/wp-content\/uploads\/2023\/02\/Sidey-Myoo-Sidey-Myoo-VR-ART-as-a-New-kind-of-Art-in-Metaverse-1-1024x576.jpg 1024w, https:\/\/www.academia-electronica.net\/wp-content\/uploads\/2023\/02\/Sidey-Myoo-Sidey-Myoo-VR-ART-as-a-New-kind-of-Art-in-Metaverse-1-768x432.jpg 768w, https:\/\/www.academia-electronica.net\/wp-content\/uploads\/2023\/02\/Sidey-Myoo-Sidey-Myoo-VR-ART-as-a-New-kind-of-Art-in-Metaverse-1.jpg 1280w\" sizes=\"(max-width: 300px) 100vw, 300px\" \/><\/a><\/p>\n<h4 style=\"text-align: center;\"><strong>\u00a0<\/strong><\/h4>\n<\/td>\n<td style=\"width: 77.3179%; height: 228px;\">\n<p style=\"text-align: center;\"><a href=\"https:\/\/www.academia-electronica.net\/?page_id=846\" target=\"_blank\" rel=\"noopener\"><i>VR ART as a new kind of art <\/i><i>in the <\/i><i>Metaverse<\/i><\/a><\/p>\n<p style=\"text-align: center;\">Sidey Myoo<\/p>\n<p style=\"text-align: center;\">Uniwersytet w Nairobi i Academia Electronica w AltspaceVR, w Second Life oraz w Spatial<br \/>\n(w ramac<em>h <\/em>mi\u0119dzynarodowego projektu &#8220;Horizon&#8221;<em> &#8211; <a href=\"https:\/\/www.caphe.space\/\" target=\"_blank\" rel=\"noopener\">The Communities and Artistic Participation in Hybrid Environments<\/a><\/em> (CAPHE))<\/p>\n<p style=\"text-align: center;\">17.02.2022 <strong>\u00a0<\/strong><\/p>\n<\/td>\n<\/tr>\n<tr style=\"height: 243px;\">\n<td style=\"width: 22.5166%; height: 243px;\">\n<h4 style=\"text-align: center;\"><strong> <a href=\"http:\/\/www.academia-electronica.net\/wp-content\/uploads\/2023\/02\/KU-NO-plansza.jpg\"><img loading=\"lazy\" class=\"size-medium wp-image-834 alignnone\" src=\"http:\/\/www.academia-electronica.net\/wp-content\/uploads\/2023\/02\/KU-NO-plansza-300x169.jpg\" alt=\"\" width=\"300\" height=\"169\" srcset=\"https:\/\/www.academia-electronica.net\/wp-content\/uploads\/2023\/02\/KU-NO-plansza-300x169.jpg 300w, https:\/\/www.academia-electronica.net\/wp-content\/uploads\/2023\/02\/KU-NO-plansza-1024x576.jpg 1024w, https:\/\/www.academia-electronica.net\/wp-content\/uploads\/2023\/02\/KU-NO-plansza-768x432.jpg 768w, https:\/\/www.academia-electronica.net\/wp-content\/uploads\/2023\/02\/KU-NO-plansza.jpg 1280w\" sizes=\"(max-width: 300px) 100vw, 300px\" \/><\/a><\/strong><\/h4>\n<\/td>\n<td style=\"width: 77.3179%; height: 243px;\">\n<p style=\"text-align: center;\"><a href=\"https:\/\/www.academia-electronica.net\/?page_id=839\"><em>Orpheus, Lwanda and the khth\u00f3nios journey. <\/em><\/a><br \/>\n<a href=\"https:\/\/www.academia-electronica.net\/?page_id=839\" target=\"_blank\" rel=\"noopener\"><em>The Soul in spiritual and hybrid traditions<\/em><\/a><\/p>\n<p style=\"text-align: center;\">Uniwersytet w Nairobi, OperaNetwork, Conservatio Puccini z La Spezia, Narratologies, Uniwersytet Jagiello\u0144ski, Academia Electronica w Second Life (w ramac<em>h <\/em>mi\u0119dzynarodowego projektu &#8220;Horizon&#8221;<em> &#8211; <a href=\"https:\/\/www.caphe.space\/\" target=\"_blank\" rel=\"noopener\">The Communities and Artistic Participation in Hybrid Environments<\/a><\/em> (CAPHE))<\/p>\n<p style=\"text-align: center;\">15.02.2022 <strong>\u00a0<\/strong><\/p>\n<\/td>\n<\/tr>\n<tr style=\"height: 234px;\">\n<td style=\"width: 22.5166%; height: 234px;\">\n<h4 style=\"text-align: center;\"><strong> <a href=\"http:\/\/www.academia-electronica.net\/wp-content\/uploads\/2023\/02\/Sidey-Myoo-We-are-together...-Kenya-2023-1.jpg\"><img loading=\"lazy\" class=\"size-medium wp-image-805 alignnone\" src=\"http:\/\/www.academia-electronica.net\/wp-content\/uploads\/2023\/02\/Sidey-Myoo-We-are-together...-Kenya-2023-1-300x169.jpg\" alt=\"\" width=\"300\" height=\"169\" srcset=\"https:\/\/www.academia-electronica.net\/wp-content\/uploads\/2023\/02\/Sidey-Myoo-We-are-together...-Kenya-2023-1-300x169.jpg 300w, https:\/\/www.academia-electronica.net\/wp-content\/uploads\/2023\/02\/Sidey-Myoo-We-are-together...-Kenya-2023-1-1024x576.jpg 1024w, https:\/\/www.academia-electronica.net\/wp-content\/uploads\/2023\/02\/Sidey-Myoo-We-are-together...-Kenya-2023-1-768x432.jpg 768w, https:\/\/www.academia-electronica.net\/wp-content\/uploads\/2023\/02\/Sidey-Myoo-We-are-together...-Kenya-2023-1.jpg 1280w\" sizes=\"(max-width: 300px) 100vw, 300px\" \/><\/a><\/strong><\/h4>\n<\/td>\n<td style=\"width: 77.3179%; height: 234px;\">\n<p style=\"text-align: center;\"><a href=\"https:\/\/www.academia-electronica.net\/?page_id=825\" target=\"_blank\" rel=\"noopener\"><i>We <\/i><i>are together, there <\/i><i>b<\/i><i>etween<\/i> <i>the <\/i><i>Worlds<\/i><\/a><\/p>\n<p style=\"text-align: center;\">Sidey Myoo<\/p>\n<p style=\"text-align: center;\">Uniwersytet w Nairobi, Studio BlackRhino VR, Academia Electronica w Altspacevr oraz w Second Life<br \/>\n(w ramac<em>h <\/em>mi\u0119dzynarodowego projektu &#8220;Horizon&#8221;<em> &#8211; <a href=\"https:\/\/www.caphe.space\/\" target=\"_blank\" rel=\"noopener\">The Communities and Artistic Participation in Hybrid Environments<\/a><\/em> (CAPHE))<\/p>\n<p style=\"text-align: center;\">7.02.2022 <strong>\u00a0<\/strong><\/p>\n<\/td>\n<\/tr>\n<tr style=\"height: 30px;\">\n<td style=\"height: 30px; width: 99.8345%;\" colspan=\"2\">\n<h4 style=\"text-align: center;\"><strong>2021\/2022<\/strong><\/h4>\n<\/td>\n<\/tr>\n<tr style=\"height: 201px;\">\n<td style=\"width: 22.5166%; height: 201px;\">\n<h4 style=\"text-align: right;\"><a href=\"http:\/\/www.academia-electronica.net\/wp-content\/uploads\/2022\/11\/KOS-Falowanie-2022.jpg\"><img loading=\"lazy\" class=\"size-medium wp-image-744 alignnone\" src=\"http:\/\/www.academia-electronica.net\/wp-content\/uploads\/2022\/11\/KOS-Falowanie-2022-300x169.jpg\" alt=\"\" width=\"300\" height=\"169\" srcset=\"https:\/\/www.academia-electronica.net\/wp-content\/uploads\/2022\/11\/KOS-Falowanie-2022-300x169.jpg 300w, https:\/\/www.academia-electronica.net\/wp-content\/uploads\/2022\/11\/KOS-Falowanie-2022-1024x576.jpg 1024w, https:\/\/www.academia-electronica.net\/wp-content\/uploads\/2022\/11\/KOS-Falowanie-2022-768x432.jpg 768w, https:\/\/www.academia-electronica.net\/wp-content\/uploads\/2022\/11\/KOS-Falowanie-2022.jpg 1280w\" sizes=\"(max-width: 300px) 100vw, 300px\" \/><\/a><\/h4>\n<\/td>\n<td style=\"width: 77.3179%; height: 201px;\">\n<p style=\"text-align: center;\"><a href=\"https:\/\/www.academia-electronica.net\/?page_id=740\" target=\"_blank\" rel=\"noopener\"><em>Oscylacje, interferencje, subwersje \u2013 o sztuce przemian<\/em><\/a><\/p>\n<p style=\"text-align: center;\">Sidey Myoo<\/p>\n<p style=\"text-align: center;\">Katedra Obszar\u00f3w Sztuki Wydzia\u0142u Intermedi\u00f3w ASP w Krakowie, Academia Electronica w Altspacevr oraz w Second Life<\/p>\n<p style=\"text-align: center;\">5.11.2022<\/p>\n<\/td>\n<\/tr>\n<tr style=\"height: 201px;\">\n<td style=\"width: 22.5166%; height: 201px;\">\n<h4 style=\"text-align: right;\"><a href=\"http:\/\/www.academia-electronica.net\/wp-content\/uploads\/2022\/10\/Sztuka-analogowo-cyfrowa-2022-plakat-strona.jpg\"><img loading=\"lazy\" class=\"size-medium wp-image-733 alignnone\" src=\"http:\/\/www.academia-electronica.net\/wp-content\/uploads\/2022\/10\/Sztuka-analogowo-cyfrowa-2022-plakat-strona-300x169.jpg\" alt=\"\" width=\"300\" height=\"169\" srcset=\"https:\/\/www.academia-electronica.net\/wp-content\/uploads\/2022\/10\/Sztuka-analogowo-cyfrowa-2022-plakat-strona-300x169.jpg 300w, https:\/\/www.academia-electronica.net\/wp-content\/uploads\/2022\/10\/Sztuka-analogowo-cyfrowa-2022-plakat-strona-1024x576.jpg 1024w, https:\/\/www.academia-electronica.net\/wp-content\/uploads\/2022\/10\/Sztuka-analogowo-cyfrowa-2022-plakat-strona-768x432.jpg 768w, https:\/\/www.academia-electronica.net\/wp-content\/uploads\/2022\/10\/Sztuka-analogowo-cyfrowa-2022-plakat-strona.jpg 1280w\" sizes=\"(max-width: 300px) 100vw, 300px\" \/><\/a><\/h4>\n<\/td>\n<td style=\"width: 77.3179%; height: 201px;\">\n<p style=\"text-align: center;\"><a href=\"https:\/\/www.academia-electronica.net\/?page_id=729\" target=\"_blank\" rel=\"noopener\"><em>Sztuka analogowo-cyfrowa<\/em><\/a><\/p>\n<p style=\"text-align: center;\">Sidey Myoo<\/p>\n<p style=\"text-align: center;\">Akademia Sztuk Pi\u0119knych w Gda\u0144sku, Academia Electronica w Altspacevr oraz w Second Life<\/p>\n<p style=\"text-align: center;\">11.10.2022<\/p>\n<\/td>\n<\/tr>\n<tr style=\"height: 201px;\">\n<td style=\"width: 22.5166%; height: 201px;\">\n<h4 style=\"text-align: left;\"><strong><a href=\"http:\/\/www.academia-electronica.net\/wp-content\/uploads\/2022\/06\/Podmiot-wirtualny-1.jpg\"><img loading=\"lazy\" class=\"size-medium wp-image-637 alignnone\" src=\"http:\/\/www.academia-electronica.net\/wp-content\/uploads\/2022\/06\/Podmiot-wirtualny-1-300x225.jpg\" alt=\"\" width=\"300\" height=\"225\" srcset=\"https:\/\/www.academia-electronica.net\/wp-content\/uploads\/2022\/06\/Podmiot-wirtualny-1-300x225.jpg 300w, https:\/\/www.academia-electronica.net\/wp-content\/uploads\/2022\/06\/Podmiot-wirtualny-1-768x576.jpg 768w, https:\/\/www.academia-electronica.net\/wp-content\/uploads\/2022\/06\/Podmiot-wirtualny-1.jpg 960w\" sizes=\"(max-width: 300px) 100vw, 300px\" \/><\/a><\/strong><\/h4>\n<\/td>\n<td style=\"width: 77.3179%; height: 201px;\">\n<p style=\"text-align: center;\"><a href=\"https:\/\/www.academia-electronica.net\/?page_id=646\" target=\"_blank\" rel=\"noopener\"><em>Podmiot wirtualny<\/em><\/a><\/p>\n<p style=\"text-align: center;\">Sidey Myoo<\/p>\n<p style=\"text-align: center;\">Zak\u0142ad Teorii Poznania i Filozofii Nauki IFiS PAN i Zesp\u00f3\u0142 Filozofii Kultury IFiS PAN, Academia Electronica w Altspacevr oraz w Second Life<\/p>\n<p style=\"text-align: center;\">17.06.2022<\/p>\n<\/td>\n<\/tr>\n<tr style=\"height: 141px;\">\n<td style=\"width: 22.5166%; height: 141px;\"><a href=\"http:\/\/www.academia-electronica.net\/wp-content\/uploads\/2023\/07\/Wirtualium-1-2022-plakat.png\"><img loading=\"lazy\" class=\"alignnone wp-image-1034 size-medium\" src=\"http:\/\/www.academia-electronica.net\/wp-content\/uploads\/2023\/07\/Wirtualium-1-2022-plakat-300x157.png\" alt=\"\" width=\"300\" height=\"157\" srcset=\"https:\/\/www.academia-electronica.net\/wp-content\/uploads\/2023\/07\/Wirtualium-1-2022-plakat-300x157.png 300w, https:\/\/www.academia-electronica.net\/wp-content\/uploads\/2023\/07\/Wirtualium-1-2022-plakat-1024x536.png 1024w, https:\/\/www.academia-electronica.net\/wp-content\/uploads\/2023\/07\/Wirtualium-1-2022-plakat-768x402.png 768w, https:\/\/www.academia-electronica.net\/wp-content\/uploads\/2023\/07\/Wirtualium-1-2022-plakat.png 1200w\" sizes=\"(max-width: 300px) 100vw, 300px\" \/><\/a><\/p>\n<h4 style=\"text-align: left;\"><strong>\u00a0<\/strong><\/h4>\n<\/td>\n<td style=\"width: 77.3179%; height: 141px;\">\n<p style=\"text-align: center;\"><em><a href=\"https:\/\/www.academia-electronica.net\/?page_id=1036\" target=\"_blank\" rel=\"noopener\">Wirtualium 1.0<\/a><br \/>\n<\/em><\/p>\n<p style=\"text-align: center;\"><span class=\"x193iq5w xeuugli x13faqbe x1vvkbs x1xmvt09 x1lliihq x1s928wv xhkezso x1gmr53x x1cpjm7i x1fgarty x1943h6x xudqn12 x3x7a5m x6prxxf xvq8zen xo1l8bm xzsf02u x1yc453h\" dir=\"auto\"><span class=\"xt0psk2\">Sekcja Filozofii Techniki Ko\u0142a Naukowego Student\u00f3w Filozofii UJ<\/span><\/span>, Instytut Filozofii UJ, Academia Electronica<\/p>\n<p style=\"text-align: center;\">4.06.2022<\/p>\n<\/td>\n<\/tr>\n<tr style=\"height: 162px;\">\n<td style=\"width: 22.5166%; height: 162px;\">\n<h4 style=\"text-align: left;\"><strong><a href=\"http:\/\/www.academia-electronica.net\/wp-content\/uploads\/2022\/06\/Wirtualim-2022-1-plakat.jpg\"><img loading=\"lazy\" class=\"alignnone wp-image-636 size-medium\" src=\"http:\/\/www.academia-electronica.net\/wp-content\/uploads\/2022\/06\/Wirtualim-2022-1-plakat-300x169.jpg\" alt=\"\" width=\"300\" height=\"169\" srcset=\"https:\/\/www.academia-electronica.net\/wp-content\/uploads\/2022\/06\/Wirtualim-2022-1-plakat-300x169.jpg 300w, https:\/\/www.academia-electronica.net\/wp-content\/uploads\/2022\/06\/Wirtualim-2022-1-plakat-1024x576.jpg 1024w, https:\/\/www.academia-electronica.net\/wp-content\/uploads\/2022\/06\/Wirtualim-2022-1-plakat-768x432.jpg 768w, https:\/\/www.academia-electronica.net\/wp-content\/uploads\/2022\/06\/Wirtualim-2022-1-plakat.jpg 1280w\" sizes=\"(max-width: 300px) 100vw, 300px\" \/><\/a><\/strong><\/h4>\n<\/td>\n<td style=\"width: 77.3179%; height: 162px;\">\n<p style=\"text-align: center;\"><a href=\"https:\/\/www.academia-electronica.net\/?page_id=643\" target=\"_blank\" rel=\"noopener\"><em>Academickie wirtualium<\/em><\/a><\/p>\n<p style=\"text-align: center;\">Sidey Myoo<\/p>\n<p style=\"text-align: center;\"><span class=\"x193iq5w xeuugli x13faqbe x1vvkbs x1xmvt09 x1lliihq x1s928wv xhkezso x1gmr53x x1cpjm7i x1fgarty x1943h6x xudqn12 x3x7a5m x6prxxf xvq8zen xo1l8bm xzsf02u x1yc453h\" dir=\"auto\"><span class=\"xt0psk2\">Sekcja Filozofii Techniki Ko\u0142a Naukowego Student\u00f3w Filozofii UJ<\/span><\/span>, Instytut Filozofii UJ, Academia Electronica w Altspacevr oraz w Second Life<\/p>\n<p style=\"text-align: center;\">4.06.2022<\/p>\n<\/td>\n<\/tr>\n<tr style=\"height: 201px;\">\n<td style=\"width: 22.5166%; height: 201px;\">\n<h4 style=\"text-align: left;\"><strong><a href=\"http:\/\/www.academia-electronica.net\/wp-content\/uploads\/2022\/05\/Konferencja-Naukowa-Transhumanizm-Idee-Strategie-Watpliwosci-22-Metaverse.jpg\"><img loading=\"lazy\" class=\"size-medium wp-image-614 alignnone\" src=\"http:\/\/www.academia-electronica.net\/wp-content\/uploads\/2022\/05\/Konferencja-Naukowa-Transhumanizm-Idee-Strategie-Watpliwosci-22-Metaverse-300x169.jpg\" alt=\"\" width=\"300\" height=\"169\" srcset=\"https:\/\/www.academia-electronica.net\/wp-content\/uploads\/2022\/05\/Konferencja-Naukowa-Transhumanizm-Idee-Strategie-Watpliwosci-22-Metaverse-300x169.jpg 300w, https:\/\/www.academia-electronica.net\/wp-content\/uploads\/2022\/05\/Konferencja-Naukowa-Transhumanizm-Idee-Strategie-Watpliwosci-22-Metaverse-1024x576.jpg 1024w, https:\/\/www.academia-electronica.net\/wp-content\/uploads\/2022\/05\/Konferencja-Naukowa-Transhumanizm-Idee-Strategie-Watpliwosci-22-Metaverse-768x432.jpg 768w, https:\/\/www.academia-electronica.net\/wp-content\/uploads\/2022\/05\/Konferencja-Naukowa-Transhumanizm-Idee-Strategie-Watpliwosci-22-Metaverse.jpg 1280w\" sizes=\"(max-width: 300px) 100vw, 300px\" \/><\/a><\/strong><\/h4>\n<\/td>\n<td style=\"width: 77.3179%; height: 201px;\">\n<p style=\"text-align: center;\"><a href=\"https:\/\/www.academia-electronica.net\/?page_id=621\" target=\"_blank\" rel=\"noopener\"><em>Uniwersytecki Metaverse \u2013 Academia Electronica w Altspacevr<\/em><\/a><\/p>\n<p style=\"text-align: center;\">Sidey Myoo<\/p>\n<p style=\"text-align: center;\">Polskie Towarzystwo Transhumanistyczne, Academia Electronica w Altspacevr oraz w Second Life<\/p>\n<p style=\"text-align: center;\">29.05.2022<\/p>\n<\/td>\n<\/tr>\n<tr style=\"height: 201px;\">\n<td style=\"width: 22.5166%; height: 201px;\">\n<h4 style=\"text-align: left;\"><strong><a href=\"http:\/\/www.academia-electronica.net\/wp-content\/uploads\/2022\/05\/Sztuka-w-Metaverse-1-plakat.jpg\"><img loading=\"lazy\" class=\"size-medium wp-image-613 alignnone\" src=\"http:\/\/www.academia-electronica.net\/wp-content\/uploads\/2022\/05\/Sztuka-w-Metaverse-1-plakat-300x169.jpg\" alt=\"\" width=\"300\" height=\"169\" srcset=\"https:\/\/www.academia-electronica.net\/wp-content\/uploads\/2022\/05\/Sztuka-w-Metaverse-1-plakat-300x169.jpg 300w, https:\/\/www.academia-electronica.net\/wp-content\/uploads\/2022\/05\/Sztuka-w-Metaverse-1-plakat-1024x576.jpg 1024w, https:\/\/www.academia-electronica.net\/wp-content\/uploads\/2022\/05\/Sztuka-w-Metaverse-1-plakat-768x432.jpg 768w, https:\/\/www.academia-electronica.net\/wp-content\/uploads\/2022\/05\/Sztuka-w-Metaverse-1-plakat.jpg 1280w\" sizes=\"(max-width: 300px) 100vw, 300px\" \/><\/a><\/strong><\/h4>\n<\/td>\n<td style=\"width: 77.3179%; height: 201px;\">\n<p style=\"text-align: center;\"><a href=\"https:\/\/www.academia-electronica.net\/?page_id=618\" target=\"_blank\" rel=\"noopener\"><em>VR ART \u2013 Sztuka w Metaverse<\/em><\/a><strong><br \/>\n<\/strong><\/p>\n<p style=\"text-align: center;\">Sidey Myoo<\/p>\n<p style=\"text-align: center;\">Katedra Estetyki i Filozofii Kultury Uniwersytetu Marii Curie-Sk\u0142odowskie, Academia Electronica w Altspacevr oraz w Second Life<\/p>\n<p style=\"text-align: center;\">28.05.2022<\/p>\n<\/td>\n<\/tr>\n<tr style=\"height: 60px;\">\n<td style=\"height: 83px; width: 22.5166%;\">\n<h4 style=\"text-align: left;\"><strong><a href=\"http:\/\/www.academia-electronica.net\/wp-content\/uploads\/2022\/04\/Konferencje-i-kongresy.jpg\"><img loading=\"lazy\" class=\"size-medium wp-image-561 alignnone\" src=\"http:\/\/www.academia-electronica.net\/wp-content\/uploads\/2022\/04\/Konferencje-i-kongresy-300x169.jpg\" alt=\"\" width=\"300\" height=\"169\" srcset=\"https:\/\/www.academia-electronica.net\/wp-content\/uploads\/2022\/04\/Konferencje-i-kongresy-300x169.jpg 300w, https:\/\/www.academia-electronica.net\/wp-content\/uploads\/2022\/04\/Konferencje-i-kongresy-1024x576.jpg 1024w, https:\/\/www.academia-electronica.net\/wp-content\/uploads\/2022\/04\/Konferencje-i-kongresy-768x432.jpg 768w, https:\/\/www.academia-electronica.net\/wp-content\/uploads\/2022\/04\/Konferencje-i-kongresy.jpg 1280w\" sizes=\"(max-width: 300px) 100vw, 300px\" \/><\/a>\u00a0<\/strong><\/h4>\n<\/td>\n<td style=\"width: 77.3179%; height: 83px;\">\n<p style=\"text-align: center;\"><a href=\"https:\/\/www.academia-electronica.net\/?page_id=564\" rel=\"noopener\"><em>VR ART &#8211; pocz\u0105tek<\/em><\/a><strong><br \/>\n<\/strong><\/p>\n<p style=\"text-align: center;\">Sidey Myoo<\/p>\n<p style=\"text-align: center;\">Ko\u0142o Naukowe <em>OpenShare <\/em>Wydzia\u0142u Intermedi\u00f3w ASP w Krakowie, Academia Electronica w Altspacevr<\/p>\n<p style=\"text-align: center;\">25.04.2022<\/p>\n<\/td>\n<\/tr>\n<tr style=\"height: 172px;\">\n<td style=\"width: 99.8345%; height: 10px;\" colspan=\"2\">\n<p style=\"text-align: center;\">\n<\/td>\n<\/tr>\n<\/tbody>\n<\/table>\n<p>&nbsp;<\/p>\n","protected":false},"excerpt":{"rendered":"<p>2023\/2024 Art at Ars Electronica Sidey Myoo Art and Multimedia w Faculdade de Belas Artes da Universidade de Lisboa 29.10.2024 Wewn\u0105trz Transmedi\u00f3w. Artysta, u\u017cytkownik, odbiorca dr Liliana Kozak Polskie Stowarzyszenie Transhumanistyczne Polski Zwi\u0105zek Artyst\u00f3w Plastyk\u00f3w Polskie Towarzystwo Estetyczne (patronat medialny)&hellip; <\/p>\n","protected":false},"author":3,"featured_media":0,"parent":0,"menu_order":0,"comment_status":"closed","ping_status":"closed","template":"","meta":[],"_links":{"self":[{"href":"https:\/\/www.academia-electronica.net\/index.php?rest_route=\/wp\/v2\/pages\/551"}],"collection":[{"href":"https:\/\/www.academia-electronica.net\/index.php?rest_route=\/wp\/v2\/pages"}],"about":[{"href":"https:\/\/www.academia-electronica.net\/index.php?rest_route=\/wp\/v2\/types\/page"}],"author":[{"embeddable":true,"href":"https:\/\/www.academia-electronica.net\/index.php?rest_route=\/wp\/v2\/users\/3"}],"replies":[{"embeddable":true,"href":"https:\/\/www.academia-electronica.net\/index.php?rest_route=%2Fwp%2Fv2%2Fcomments&post=551"}],"version-history":[{"count":143,"href":"https:\/\/www.academia-electronica.net\/index.php?rest_route=\/wp\/v2\/pages\/551\/revisions"}],"predecessor-version":[{"id":2072,"href":"https:\/\/www.academia-electronica.net\/index.php?rest_route=\/wp\/v2\/pages\/551\/revisions\/2072"}],"wp:attachment":[{"href":"https:\/\/www.academia-electronica.net\/index.php?rest_route=%2Fwp%2Fv2%2Fmedia&parent=551"}],"curies":[{"name":"wp","href":"https:\/\/api.w.org\/{rel}","templated":true}]}}